{"id":75,"date":"2013-08-19T10:45:36","date_gmt":"2013-08-19T08:45:36","guid":{"rendered":"http:\/\/jinak.jinak.net\/wordpress\/?page_id=75"},"modified":"2019-12-02T00:41:21","modified_gmt":"2019-12-01T22:41:21","slug":"jinac-2013","status":"publish","type":"page","link":"http:\/\/www.jinak.net\/?page_id=75","title":{"rendered":"Jin\u00e1\u010d 2013"},"content":{"rendered":"<div id=\"unpobtekane\">\n<div>\n<div><strong>JIN\u00c1\u010c ?<\/strong><\/div>\n<div><a href=\"http:\/\/jinak.jinak.net\/wordpress\/wp-content\/uploads\/2013\/08\/p2013v.jpg\"><img decoding=\"async\" class=\"size-medium wp-image-140 alignright\" alt=\"pozv\u00e1nka\" src=\"http:\/\/jinak.jinak.net\/wordpress\/wp-content\/uploads\/2013\/08\/p2013v-141x300.jpg\" width=\"141\" height=\"300\" srcset=\"http:\/\/www.jinak.net\/wp-content\/uploads\/2013\/08\/p2013v-141x300.jpg 141w, http:\/\/www.jinak.net\/wp-content\/uploads\/2013\/08\/p2013v-482x1024.jpg 482w, http:\/\/www.jinak.net\/wp-content\/uploads\/2013\/08\/p2013v.jpg 1169w\" sizes=\"(max-width: 141px) 100vw, 141px\" \/><\/a>V\u00fdtvarn\u00e1 d\u00edla v\u00edce ne\u017e des\u00edtky autor\u016f z cel\u00e9ho kraje a bohat\u00fd vernis\u00e1\u017eov\u00fd program. To v\u0161e po roce op\u011bt p\u0159ipravilo ob\u010dansk\u00e9 sdru\u017een\u00ed Ji.na.k.<\/div>\n<div>Otev\u0159eno ka\u017ed\u00fd den od 15-18 hod. nebo dle domluvy na tel.\u010d. 736\/265817<\/div>\n<\/div>\n<\/div>\n<dl>\n<dt><\/dt>\n<dt>Kdy:<\/dt>\n<dd>27.9.2013\u00a018:00\u00a0&#8211;\u00a01.11.2013\u00a022:00<\/dd>\n<\/dl>\n<dl>\n<dt>Kde:<\/dt>\n<dd>Klub Zacheus<br \/>\nKomensk\u00e9ho 20, Jihlava<\/dd>\n<\/dl>\n<dl>\n<dt>Po\u0159adatel akce:<\/dt>\n<dd>Ob\u010dansk\u00e9 sdru\u017een\u00ed Ji.na.k. (Jihlava na kolenou)<br \/>\nwww.jinak.net<\/dd>\n<\/dl>\n<div>\u00a0\u0160est\u00fd ro\u010dn\u00edk v\u00fdstavy se op\u011bt\u00a0kon\u00e1 v historick\u00fdch prostor\u00e1ch husitsk\u00e9 fary, kter\u00e1 nab\u00edz\u00ed nejen\u00a0jedine\u010dn\u00e9 podzemn\u00ed prostory v centru m\u011bsta. Tradi\u010dn\u011b v\u00fdbornou atmosf\u00e9ru s dom\u00e1c\u00edmi dobrotami dopln\u00ed p\u0159i vernis\u00e1\u017ei koncert s podtextem &#8222;Mo\u017en\u00e1 p\u0159ijde i cimb\u00e1l&#8220;. Prokl\u00e1dat jej budou autorsk\u00e1 \u010dten\u00ed \u010dlen\u016f sdru\u017een\u00ed a po skon\u010den\u00ed vernis\u00e1\u017ee bude pokra\u010dovat program v Divadeln\u00edm klubu Hor\u00e1ck\u00e9ho divadla koncertem Radimovy kapely Karel\u00a0 <a href=\"https:\/\/www.facebook.com\/RadimovaKapelaKarel\">https:\/\/www.facebook.com\/RadimovaKapelaKarel<\/a><\/div>\n<p>T\u011b\u0161it se m\u016f\u017eete na zaveden\u00e9 i za\u010d\u00ednaj\u00edc\u00ed autory, kter\u00e9 spojuje l\u00e1ska ke kraji, lidem a um\u011bn\u00ed.<\/p>\n<p><strong>Tom\u00e1\u0161 Bla\u017eek<\/strong> &#8211; fotografie<br \/>\n<strong>D\u00e1\u0161a Holanov\u00e1<\/strong> &#8211; malby<br \/>\n<strong>Igor Hru\u0161ka<\/strong> &#8211; fotografie<br \/>\n<strong>Ji\u0159\u00ed Hub\u00e1\u010dek<\/strong> &#8211; objekty<br \/>\n<strong>Pavel Je\u017eek<\/strong> &#8211; kresby<br \/>\n<strong>Jana Klime\u0161ov\u00e1<\/strong> &#8211; fotografie<br \/>\n<strong>Alena Klimov\u00e1<\/strong> &#8211; malby<br \/>\n<strong>V\u00e1clav Kunc<\/strong> &#8211; objekty<br \/>\n<strong>La Papula<\/strong> &#8211; malby<br \/>\n<strong>Petr Leideman<\/strong> &#8211; kresby<br \/>\n<strong>Petr Marousek<\/strong> &#8211; malby<br \/>\n<strong>Jan Mich\u00e1lek<\/strong> &#8211; fotografie<br \/>\n<strong>Martin N\u011bme\u010dek<\/strong> &#8211; fotografie<br \/>\n<strong>Franti\u0161ek Nov\u00e1k<\/strong> &#8211; kresby<br \/>\n<strong>Michaela Pacherov\u00e1<\/strong> &#8211; socha<br \/>\n<strong>Radek Polaneck\u00fd<\/strong> &#8211; fotografie, plastiky<br \/>\n<strong>Tereza Polansk\u00e1<\/strong> &#8211; \u0161perky<br \/>\n<strong>Gabriela P\u0159ibylov\u00e1<\/strong> &#8211; keramika<br \/>\n<strong>Eva Rosov\u00e1<\/strong> &#8211; malby<br \/>\n<strong>Marcela Svobodov\u00e1<\/strong> &#8211; plak\u00e1ty<br \/>\n<strong>Karel S\u00fdkora<\/strong> &#8211; fotografie<strong><br \/>\nRenata Vampolov\u00e1<\/strong> &#8211; fotografie<\/p>\n<div style=\"overflow:hidden;height:1px;\">\n<p>\nadobe photoshop is the last version of the adobe raster graphic editor in the cs case for the &#8222;creative suite&#8220; so CS5 is adobe photoshop creative suite 6 <a href=\"http:\/\/www.cheapofficekey.com\/cheap-adobe-photoshop-cs6-5-key.html\"><strong>Adobe Photoshop CS6 Key<\/strong><\/a><br \/>\nlicense key for adobe photoshop cs6 extended working 2018-serial number adobe photoshop CS6 100% working,serial number adobe photoshop CS6 &#8211; photoshop is the best photo editor app now and now it&#8217;s the latest update of CS6 <a href=\"http:\/\/www.cheapofficekey.com\/cheap-adobe-photoshop-cs6-extended-4-key.html\"><strong>Adobe Photoshop CS6 Extended Key<\/strong><\/a><br \/>\nmy computer crashed. the copy of CS6 adobe dreamweaver is lost. how do i recover it.please note: i have the same version of dreamweaver on my laptop <a href=\"http:\/\/www.cheapofficekey.com\/cheap-adobe-dreamweaver-cs6-3-key.html\"><strong>Adobe Dreamweaver CS6 Key<\/strong><\/a><br \/>\nreinstalled acrobat XI pro after reformatting my hd from win 7 pro 32 bit to 64 bit.the reinstall worked for a few weeks,then messages keep popping up <a href=\"http:\/\/www.cheapofficekey.com\/cheap-adobe-acrobat-xi-professional-2-key.html\"><strong>Adobe Acrobat XI Professional Key<\/strong><\/a><br \/>\nbuy 100% genuine adobe CS6 master collection product key,64bit\/32bit support, adobe CS6 master collection download link <a href=\"http:\/\/www.cheapofficekey.com\/cheap-adobe-cs6-master-collection-1-key.html\"><strong>Adobe CS6 Master Collection Key<\/strong><\/a>\n<\/p>\n<\/div>\n","protected":false},"excerpt":{"rendered":"<p>JIN\u00c1\u010c ? V\u00fdtvarn\u00e1 d\u00edla v\u00edce ne\u017e des\u00edtky autor\u016f z cel\u00e9ho kraje a bohat\u00fd vernis\u00e1\u017eov\u00fd program. To v\u0161e po roce op\u011bt p\u0159ipravilo ob\u010dansk\u00e9 sdru\u017een\u00ed Ji.na.k. Otev\u0159eno ka\u017ed\u00fd den od 15-18 hod. nebo dle domluvy na tel.\u010d. 736\/265817 Kdy: 27.9.2013\u00a018:00\u00a0&#8211;\u00a01.11.2013\u00a022:00 Kde: Klub &hellip; <a href=\"http:\/\/www.jinak.net\/?page_id=75\">Cel\u00fd p\u0159\u00edsp\u011bvek <span class=\"meta-nav\">&rarr;<\/span><\/a><\/p>\n","protected":false},"author":1,"featured_media":0,"parent":30,"menu_order":0,"comment_status":"closed","ping_status":"closed","template":"","meta":{"footnotes":""},"class_list":["post-75","page","type-page","status-publish","hentry"],"_links":{"self":[{"href":"http:\/\/www.jinak.net\/index.php?rest_route=\/wp\/v2\/pages\/75","targetHints":{"allow":["GET"]}}],"collection":[{"href":"http:\/\/www.jinak.net\/index.php?rest_route=\/wp\/v2\/pages"}],"about":[{"href":"http:\/\/www.jinak.net\/index.php?rest_route=\/wp\/v2\/types\/page"}],"author":[{"embeddable":true,"href":"http:\/\/www.jinak.net\/index.php?rest_route=\/wp\/v2\/users\/1"}],"replies":[{"embeddable":true,"href":"http:\/\/www.jinak.net\/index.php?rest_route=%2Fwp%2Fv2%2Fcomments&post=75"}],"version-history":[{"count":11,"href":"http:\/\/www.jinak.net\/index.php?rest_route=\/wp\/v2\/pages\/75\/revisions"}],"predecessor-version":[{"id":899,"href":"http:\/\/www.jinak.net\/index.php?rest_route=\/wp\/v2\/pages\/75\/revisions\/899"}],"up":[{"embeddable":true,"href":"http:\/\/www.jinak.net\/index.php?rest_route=\/wp\/v2\/pages\/30"}],"wp:attachment":[{"href":"http:\/\/www.jinak.net\/index.php?rest_route=%2Fwp%2Fv2%2Fmedia&parent=75"}],"curies":[{"name":"wp","href":"https:\/\/api.w.org\/{rel}","templated":true}]}}